{"id":6385,"date":"2025-10-28T22:26:03","date_gmt":"2025-10-28T22:26:03","guid":{"rendered":"https:\/\/theblueportugal.com\/?page_id=6385"},"modified":"2025-10-28T22:40:42","modified_gmt":"2025-10-28T22:40:42","slug":"por","status":"publish","type":"page","link":"https:\/\/theblueportugal.com\/pt\/vistos-portugal\/portugal-golden-visto-e-residencia-cidadania-d9\/por\/","title":{"rendered":"Programa de Resid\u00eancia por Investimento em Portugal para Investidores Sul-Africanos\u00a0"},"content":{"rendered":"<div data-elementor-type=\"wp-page\" data-elementor-id=\"6385\" class=\"elementor elementor-6385\">\n\t\t\t\t<div class=\"elementor-element elementor-element-d9372dd e-flex e-con-boxed e-con e-parent\" data-id=\"d9372dd\" data-element_type=\"container\" data-e-type=\"container\" data-settings=\"{&quot;background_background&quot;:&quot;classic&quot;}\">\n\t\t\t\t\t<div class=\"e-con-inner\">\n\t\t\t\t<div class=\"elementor-element elementor-element-2401a34 elementor-widget__width-initial elementor-widget elementor-widget-heading\" data-id=\"2401a34\" data-element_type=\"widget\" data-e-type=\"widget\" data-widget_type=\"heading.default\">\n\t\t\t\t\t<h1 class=\"elementor-heading-title elementor-size-default\">Programa de Resid\u00eancia por Investimento em Portugal para Investidores Sul-Africanos<\/h1>\t\t\t\t<\/div>\n\t\t\t\t<div class=\"elementor-element elementor-element-10828dd elementor-widget elementor-widget-html\" data-id=\"10828dd\" data-element_type=\"widget\" data-e-type=\"widget\" data-widget_type=\"html.default\">\n\t\t\t\t\t<div itemscope itemtype=\"https:\/\/schema.org\/Article\" aria-label=\"Metadados do artigo\" role=\"group\" style=\"display:flex; align-items:center; font-size:13px; color:#fff; flex-wrap:wrap; gap:6px; line-height:1.4;\">\r\n  <div itemprop=\"author\" itemscope itemtype=\"https:\/\/schema.org\/Person\" style=\"display:flex; align-items:center; gap:6px; flex-wrap:wrap;\">\r\n    <div style=\"width:20px; height:20px; border-radius:50%; overflow:hidden;\">\r\n      <img decoding=\"async\" src=\"https:\/\/theblueportugal.com\/wp-content\/uploads\/2025\/05\/joao-villa-lobos-author.webp\"\r\n           alt=\"Jo\u00e3o Villa-Lobos\" itemprop=\"image\"\r\n           style=\"width:100%; height:100%; object-fit:cover;\" loading=\"lazy\">\r\n    <\/div>\r\n    <span itemprop=\"name\" style=\"white-space:nowrap;\">Jo\u00e3o Villa-Lobos<\/span>\r\n    <span class=\"separator\" style=\"white-space:nowrap;\">|<\/span>\r\n    <!-- dateModified in ISO 8601; visible text stays the same style -->\r\n    <time itemprop=\"dateModified\" datetime=\"2025-10-28\" class=\"last-updated\" style=\"white-space:nowrap;\">\u00daltima atualiza\u00e7\u00e3o em 28 de outubro de 2025<\/time>\r\n  <\/div>\r\n<\/div>\r\n\r\n<style>\r\n  @media (max-width: 480px) {\r\n    .separator { display: none; }\r\n    .last-updated { margin-left: 26px; }\r\n  }\r\n<\/style>\r\n\t\t\t\t<\/div>\n\t\t\t\t<div class=\"jet-popup-target elementor-element elementor-element-b1d38f0 elementor-widget__width-initial elementor-mobile-align-center elementor-widget elementor-widget-raven-button\" data-jet-popup=\"{&quot;attached-popup&quot;:&quot;jet-popup-164&quot;,&quot;trigger-type&quot;:&quot;click-self&quot;,&quot;trigger-custom-selector&quot;:&quot;&quot;}\" data-id=\"b1d38f0\" data-element_type=\"widget\" data-e-type=\"widget\" data-settings=\"{&quot;turn_to_popup_action_button&quot;:&quot;no&quot;}\" data-widget_type=\"raven-button.default\">\n\t\t\t\t<div class=\"elementor-widget-container\">\n\t\t\t\t\t\t\t<div class=\"raven-widget-wrapper\">\n\t\t\t<a class=\"raven-button raven-button-widget-normal-effect-none  raven-button-text-align-center raven-button-link elementor-animation-none\" href=\"https:\/\/theblueportugal.com\/pt\/contato\/\">\t\t\t\t<div class=\"raven-button-overlay\" ><\/div>\n\t\t\t\t<span class=\"raven-button-content\">\n\t\t\t\t\t\n\t\t\t\t\t<div class=\"button-text-container\">\n\t\t\t\t\t\t\t\t\t\t\t\t<div class=\"raven-button-texts-wrapper\">\n\t\t\t\t\t\t\t<div class=\"button-text\">\n\t\t\t\t\t\t\t\t<span class=\"raven-button-text\">\n\t\t\t\t\t\t\t\t\tFale com um especialista no Portugal Golden Visa\t\t\t\t\t\t\t\t<\/span>\n\t\t\t\t\t\t\t<\/div>\n\t\t\t\t\t\t\t\t\t\t\t\t\t<\/div>\n\t\t\t\t\t\t\t\t\t\t\t<\/div>\n\t\t\t\t\t\n\t\t\t\t\t\t\t\t\t<\/span>\n\t\t\t<\/a>\t\t<\/div>\n\t\t\t\t\t\t<\/div>\n\t\t\t\t<\/div>\n\t\t\t\t\t<\/div>\n\t\t\t\t<\/div>\n\t\t<div class=\"elementor-element elementor-element-2061594c e-flex e-con-boxed e-con e-parent\" data-id=\"2061594c\" data-element_type=\"container\" data-e-type=\"container\">\n\t\t\t\t\t<div class=\"e-con-inner\">\n\t\t\t\t<div class=\"elementor-element elementor-element-507e0c4 elementor-widget elementor-widget-text-editor\" data-id=\"507e0c4\" data-element_type=\"widget\" data-e-type=\"widget\" data-widget_type=\"text-editor.default\">\n\t\t\t\t\t\t\t\t\t\n<h2><strong>La\u00e7os hist\u00f3ricos e culturais entre Portugal e a \u00c1frica do Sul<\/strong><\/h2>\n<p>Os la\u00e7os hist\u00f3ricos entre a \u00c1frica do Sul e Portugal t\u00eam s\u00e9culos de exist\u00eancia e est\u00e3o profundamente interligados por meio da explora\u00e7\u00e3o, migra\u00e7\u00e3o, com\u00e9rcio e hist\u00f3ria colonial.<\/p>\n\n<p>Portugal desempenhou um papel pioneiro na explora\u00e7\u00e3o europeia da \u00c1frica, e seus navegadores estavam entre os primeiros europeus a chegar ao extremo sul do continente.<\/p>\n\n<p><strong>Existem v\u00e1rios la\u00e7os culturais compartilhados entre os dois pa\u00edses<\/strong><\/p>\n\n<ul class=\"wp-block-list\">\n<li><strong>Linguagem:<\/strong> O portugu\u00eas \u00e9 amplamente falado nas comunidades da di\u00e1spora portuguesa e mo\u00e7ambicana da \u00c1frica do Sul, e o ingl\u00eas \u00e9 amplamente falado em Portugal.<\/li>\n\n<li><strong>Religi\u00e3o:<\/strong> Ambos os pa\u00edses compartilham uma forte tradi\u00e7\u00e3o cat\u00f3lica, influenciando eventos culturais e a vida comunit\u00e1ria.<\/li>\n\n<li><strong>Influ\u00eancias culin\u00e1rias e de estilo de vida:<\/strong> A culin\u00e1ria portuguesa \u2014 especialmente frango peri-peri, frutos do mar e doces \u2014 se tornou parte integrante da cultura sul-africana.<\/li>\n\n<li><strong>Esportes:<\/strong> O futebol e outros la\u00e7os culturais unem estreitamente ambas as comunidades.<\/li>\n<\/ul>\n\n<ol class=\"wp-block-list\"><\/ol>\n<!-- \/wp:list -->\t\t\t\t\t\t\t\t<\/div>\n\t\t\t\t\t<\/div>\n\t\t\t\t<\/div>\n\t\t<div class=\"elementor-element elementor-element-83151cd e-flex e-con-boxed e-con e-parent\" data-id=\"83151cd\" data-element_type=\"container\" data-e-type=\"container\">\n\t\t\t\t\t<div class=\"e-con-inner\">\n\t\t\t\t<div class=\"elementor-element elementor-element-766629b raven-cta--skin-cover raven-cta--valign-middle raven-bg-transform raven-bg-transform-zoom-out elementor-widget elementor-widget-raven-call-to-action\" data-id=\"766629b\" data-element_type=\"widget\" data-e-type=\"widget\" data-widget_type=\"raven-call-to-action.default\">\n\t\t\t\t<div class=\"elementor-widget-container\">\n\t\t\t\t\t<div  class=\"raven-cta\">\n\t\t\t\t\t<div class=\"raven-cta__bg-wrapper\">\n\t\t\t\t<div class=\"raven-cta__bg raven-bg\" style=\"background-image: url(https:\/\/theblueportugal.com\/wp-content\/uploads\/2025\/08\/portugal-golden-visa-cost-calculator-03.webp);\"><\/div>\n\t\t\t\t<div class=\"raven-cta__bg-overlay\"><\/div>\n\t\t\t<\/div>\n\t\t\t\t\t\t\t\t\t\t<div class=\"raven-cta__content\">\n\t\t\t\t\n\t\t\t\t<h4 class=\"raven-cta__title raven-cta__content-item elementor-content-item\">Obtenha seu relat\u00f3rio personalizado de custos do Golden Visa<\/h4>\n\t\t\t\t\t\t\t\t\t<div class=\"raven-cta__description raven-cta__content-item elementor-content-item\">\n\t\t\t\t\t\tReceba um PDF completo e exclusivo na sua caixa de entrada \u2014 adaptado ao seu perfil, com detalhamento de custos e pr\u00f3ximas etapas.\t\t\t\t\t<\/div>\n\t\t\t\t\n\t\t\t\t\t\t\t\t\t<div class=\"raven-cta__button-wrapper raven-cta__content-item elementor-content-item\">\n\t\t\t\t\t<a class=\"raven-cta__button elementor-button\" href=\"https:\/\/theblueportugal.com\/pt\/calculadora-de-custos-do-visto-dourado-de-portugal\/\">\n\t\t\t\t\t\tObtenha meu PDF personalizado\t\t\t\t\t<\/a>\n\t\t\t\t\t<\/div>\n\t\t\t\t\n\t\t\t\t<div class=\"raven-ribbon raven-ribbon-left\"><div class=\"raven-ribbon-inner\">Exclusivo<\/div><\/div>\t\t\t<\/div>\n\t\t\t\t<\/div>\n\t\t\t\t\t\t<\/div>\n\t\t\t\t<\/div>\n\t\t\t\t\t<\/div>\n\t\t\t\t<\/div>\n\t\t<div class=\"elementor-element elementor-element-3c3f091 e-flex e-con-boxed e-con e-parent\" data-id=\"3c3f091\" data-element_type=\"container\" data-e-type=\"container\">\n\t\t\t\t\t<div class=\"e-con-inner\">\n\t\t\t\t<div class=\"elementor-element elementor-element-aab7f5f elementor-widget elementor-widget-text-editor\" data-id=\"aab7f5f\" data-element_type=\"widget\" data-e-type=\"widget\" data-widget_type=\"text-editor.default\">\n\t\t\t\t\t\t\t\t\t<!-- wp:paragraph -->\n<h2><strong>1) O que \u00e9 o Programa Golden Visa?\u00a0<\/strong><\/h2>\n<!-- \/wp:paragraph --><!-- wp:list -->\n<ul class=\"wp-block-list\"><!-- wp:list-item -->\n<li>Portugal <strong>Autoriza\u00e7\u00e3o de Resid\u00eancia para Investimento (ARI), comumente conhecida como <a href=\"https:\/\/theblueportugal.com\/pt\/vistos-portugal\/portugal-golden-visto-e-residencia-cidadania-d9\/\">Programa Portugal Golden Visa<\/a>,<\/strong> ainda est\u00e1 ativo e administrado por <strong>AIMA<\/strong> (Ag\u00eancia para Integra\u00e7\u00e3o, Migra\u00e7\u00e3o e Asilo). Concede uma autoriza\u00e7\u00e3o de resid\u00eancia renov\u00e1vel por meio de investimento qualificado.\u00a0<\/li>\n<!-- \/wp:list-item --><!-- wp:list-item -->\n<li>O PGV est\u00e1 aberto a cidad\u00e3os de pa\u00edses n\u00e3o pertencentes \u00e0 UE\/EEE\/Su\u00ed\u00e7a. Como cidad\u00e3o sul-africano, voc\u00ea atende a esse requisito.\u00a0<\/li>\n<!-- \/wp:list-item --><\/ul>\n<!-- \/wp:list --><!-- wp:list -->\n<ul class=\"wp-block-list\"><!-- wp:list-item -->\n<li>O requerente principal deve ter pelo menos 18 anos de idade. \u00c9 necess\u00e1rio ter antecedentes criminais limpos (tanto na \u00c1frica do Sul quanto em outros lugares) e n\u00e3o ter bandeiras de imigra\u00e7\u00e3o nos sistemas Schengen\/Portugal.\u00a0<\/li>\n<!-- \/wp:list-item --><!-- wp:list-item -->\n<li>Voc\u00ea deve provar a origem dos seus fundos de investimento \u2014 que eles v\u00eam de uma fonte leg\u00edtima, que s\u00e3o transferidos legalmente e que voc\u00ea mant\u00e9m o investimento pelo per\u00edodo exigido.\u00a0<\/li>\n<!-- \/wp:list-item --><\/ul>\n<!-- \/wp:list --><!-- wp:paragraph -->\n<h2><strong>2) Rotas de investimento eleg\u00edveis atuais\u00a0<\/strong><\/h2>\n<!-- \/wp:paragraph --><!-- wp:paragraph -->\n<p>Abaixo est\u00e3o as diferentes rotas eleg\u00edveis para se qualificar para o Programa Golden Visa:<\/p>\n<!-- \/wp:paragraph --><!-- wp:list {\"ordered\":true} -->\n<ol class=\"wp-block-list\"><!-- wp:list-item -->\n<li><strong>Fundos de investimento (regulamentados pela CMVM) \u2014 \u20ac500.000+<\/strong><br \/>Inscrever-se para <a href=\"https:\/\/theblueportugal.com\/pt\/fundos-de-investimento-azuis\/fundos-azuis\/\">fundos de capital de risco\/private equity qualificados<\/a> <strong>n\u00e3o<\/strong> focado em im\u00f3veis. Este \u00e9 o caminho mais popular em 2024-2025<\/li>\n<!-- \/wp:list-item --><!-- wp:list-item -->\n<li><strong>Pesquisa cient\u00edfica (P&amp;D) \u2014 \u20ac 500.000+<\/strong> (transfer\u00eancia de capital para entidades de pesquisa p\u00fablicas\/privadas credenciadas).\u00a0<\/li>\n<!-- \/wp:list-item --><!-- wp:list-item -->\n<li><strong>Artes\/cultura \u2014 \u20ac 250.000+<\/strong> (apoiar a produ\u00e7\u00e3o art\u00edstica ou o patrim\u00f4nio cultural).\u00a0<\/li>\n<!-- \/wp:list-item --><!-- wp:list-item -->\n<li><strong>Cria\u00e7\u00e3o de empregos<\/strong><!-- wp:list -->\n<ul class=\"wp-block-list\"><!-- wp:list-item -->\n<li><strong>Crie mais de 10 empregos<\/strong> (n\u00e3o h\u00e1 um m\u00ednimo fixo em euros, mas \u00e9 necess\u00e1rio estar em conformidade com as fun\u00e7\u00f5es de tempo integral em Portugal).\u00a0<\/li>\n<!-- \/wp:list-item --><!-- wp:list-item -->\n<li>As variantes de capitaliza\u00e7\u00e3o da empresa\/vinculadas ao trabalho continuam em pr\u00e1tica.\u00a0<\/li>\n<!-- \/wp:list-item --><\/ul>\n<!-- \/wp:list --><\/li>\n<!-- \/wp:list-item --><\/ol>\n<!-- \/wp:list --><!-- wp:paragraph -->\n<h2><strong>3) Principais benef\u00edcios e obriga\u00e7\u00f5es<\/strong><\/h2>\n<!-- \/wp:paragraph --><!-- wp:list -->\n<ul class=\"wp-block-list\"><!-- wp:list-item -->\n<li><strong>Mobilidade Schengen<\/strong> e resid\u00eancia portuguesa para voc\u00ea + fam\u00edlia eleg\u00edvel (c\u00f4njuge\/parceiro, filhos dependentes, etc.).\u00a0<\/li>\n<!-- \/wp:list-item --><!-- wp:list-item -->\n<li><strong>Baixa exig\u00eancia de perman\u00eancia f\u00edsica<\/strong> Uma das caracter\u00edsticas atraentes: voc\u00ea faz <strong>n\u00e3o<\/strong> precisam se mudar permanentemente para Portugal ou ser residentes em tempo integral. A estadia m\u00ednima \u00e9 relativamente baixa, apenas 7 dias por ano.\u00a0<\/li>\n<!-- \/wp:list-item --><!-- wp:list-item -->\n<li><strong>Caminho para a cidadania<\/strong>: Ap\u00f3s obter o Visto Gold e cumprir os requisitos, voc\u00ea pode solicitar o visto <strong>resid\u00eancia permanente<\/strong> ou <strong>cidadania<\/strong> em Portugal. Mesmo que n\u00e3o precise residir em tempo integral, voc\u00ea ainda precisa manter seu investimento e cumprir os requisitos de perman\u00eancia. Em muitos casos, s\u00e3o exigidos requisitos de idioma para solicitar a cidadania (n\u00edvel b\u00e1sico de portugu\u00eas &quot;A2&quot; ou equivalente).\u00a0<\/li>\n<!-- \/wp:list-item --><\/ul>\n<!-- \/wp:list --><!-- wp:paragraph -->\n<ol class=\"wp-block-list\"><!-- \/wp:list-item --><\/ol>\n<!-- \/wp:list -->\t\t\t\t\t\t\t\t<\/div>\n\t\t\t\t\t<\/div>\n\t\t\t\t<\/div>\n\t\t<div class=\"elementor-element elementor-element-534bbc2 e-flex e-con-boxed e-con e-parent\" data-id=\"534bbc2\" data-element_type=\"container\" data-e-type=\"container\">\n\t\t\t\t\t<div class=\"e-con-inner\">\n\t\t<div class=\"elementor-element elementor-element-9f5bed6 e-con-full e-flex e-con e-child\" data-id=\"9f5bed6\" data-element_type=\"container\" data-e-type=\"container\">\n\t\t\t\t<div class=\"elementor-element elementor-element-28337bc raven-cta--skin-cover raven-cta--valign-middle raven-bg-transform raven-bg-transform-zoom-out elementor-widget elementor-widget-raven-call-to-action\" data-id=\"28337bc\" data-element_type=\"widget\" data-e-type=\"widget\" data-widget_type=\"raven-call-to-action.default\">\n\t\t\t\t<div class=\"elementor-widget-container\">\n\t\t\t\t\t<div  class=\"raven-cta\">\n\t\t\t\t\t<div class=\"raven-cta__bg-wrapper\">\n\t\t\t\t<div class=\"raven-cta__bg raven-bg\" style=\"background-image: url(https:\/\/theblueportugal.com\/wp-content\/uploads\/2025\/08\/portugal-golden-visa-cost-calculator-01.webp);\"><\/div>\n\t\t\t\t<div class=\"raven-cta__bg-overlay\"><\/div>\n\t\t\t<\/div>\n\t\t\t\t\t\t\t\t\t\t<div class=\"raven-cta__content\">\n\t\t\t\t\n\t\t\t\t<h4 class=\"raven-cta__title raven-cta__content-item elementor-content-item\">Fale com um especialista sobre os seus planos para o Visto Gold em Portugal<\/h4>\n\t\t\t\t\t\t\t\t\t<div class=\"raven-cta__description raven-cta__content-item elementor-content-item\">\n\t\t\t\t\t\tN\u00e3o sabe por onde come\u00e7ar? Seja para analisar sua elegibilidade ou comparar rotas de investimento, nossa equipe est\u00e1 aqui para ajudar. Obtenha respostas confi\u00e1veis e orienta\u00e7\u00e3o de profissionais que entendem cada etapa do processo.\t\t\t\t\t<\/div>\n\t\t\t\t\n\t\t\t\t\t\t\t\t\t<div class=\"raven-cta__button-wrapper raven-cta__content-item elementor-content-item\">\n\t\t\t\t\t<a class=\"raven-cta__button elementor-button\" href=\"https:\/\/theblueportugal.com\/pt\/calculadora-de-custos-do-visto-dourado-de-portugal\/\">\n\t\t\t\t\t\tEntre em contato conosco hoje\t\t\t\t\t<\/a>\n\t\t\t\t\t<\/div>\n\t\t\t\t\n\t\t\t\t<div class=\"raven-ribbon raven-ribbon-left\"><div class=\"raven-ribbon-inner\">Contacte-nos<\/div><\/div>\t\t\t<\/div>\n\t\t\t\t<\/div>\n\t\t\t\t\t\t<\/div>\n\t\t\t\t<\/div>\n\t\t\t\t<\/div>\n\t\t\t\t\t<\/div>\n\t\t\t\t<\/div>\n\t\t<div class=\"elementor-element elementor-element-2ec776f e-flex e-con-boxed e-con e-parent\" data-id=\"2ec776f\" data-element_type=\"container\" data-e-type=\"container\">\n\t\t\t\t\t<div class=\"e-con-inner\">\n\t\t\t\t<div class=\"elementor-element elementor-element-873b1ca elementor-widget elementor-widget-text-editor\" data-id=\"873b1ca\" data-element_type=\"widget\" data-e-type=\"widget\" data-widget_type=\"text-editor.default\">\n\t\t\t\t\t\t\t\t\t<!-- wp:paragraph -->\n<h2><strong>4) Processo e cronograma\u00a0<\/strong><\/h2>\n<!-- \/wp:paragraph --><!-- wp:list {\"ordered\":true} -->\n<ol class=\"wp-block-list\"><!-- wp:list-item -->\n<li><strong>Escolha a rota e prepare o KYC<\/strong> (comprovante de fundos\/origem, antecedentes criminais limpos, seguro de sa\u00fade, etc.).\u00a0<\/li>\n<!-- \/wp:list-item --><!-- wp:list-item -->\n<li><strong>Abrir conta banc\u00e1ria portuguesa<\/strong> &amp; obter o n\u00famero de identifica\u00e7\u00e3o fiscal portugu\u00eas (NIF) e depois; realizar investimentos (ex.:, <strong>subscri\u00e7\u00e3o de fundos<\/strong>; para rota de cultura, obter <strong>GEPAC<\/strong> declara\u00e7\u00e3o ap\u00f3s a transfer\u00eancia).\u00a0<\/li>\n<!-- \/wp:list-item --><!-- wp:list-item -->\n<li><strong>Enviar ARI online<\/strong> (portal AIMA) e livro <strong>biometria<\/strong> quando agendado. <a href=\"https:\/\/aima.gov.pt\/en\" target=\"_blank\" rel=\"noopener\">AIMA<\/a> reiniciou\/acelerou o agendamento biom\u00e9trico e o processamento digital para reduzir atrasos.\u00a0<\/li>\n<!-- \/wp:list-item --><!-- wp:list-item -->\n<li><strong>Cart\u00e3o de resid\u00eancia inicial emitido<\/strong>; emitido inicialmente para <strong>2 anos e renovado posteriormente por 3 anos<\/strong>, mantendo o investimento e a presen\u00e7a f\u00edsica m\u00ednima.\u00a0<\/li>\n<!-- \/wp:list-item --><\/ol>\n<!-- \/wp:list --><!-- wp:paragraph -->\n<h2><strong>5) \u00c1frica do Sul \u2013 espec\u00edfico: movimenta\u00e7\u00e3o de dinheiro e planejamento tribut\u00e1rio<\/strong><\/h2>\n<!-- \/wp:paragraph --><!-- wp:paragraph -->\n<h3><strong>A) Transfer\u00eancia de fundos para fora da \u00c1frica do Sul (FX e aprova\u00e7\u00f5es)<\/strong><\/h3>\n<!-- \/wp:paragraph --><!-- wp:list -->\n<ul class=\"wp-block-list\"><!-- wp:list-item -->\n<li>Como investidor sul-africano, voc\u00ea provavelmente converter\u00e1 ZAR (ou outras moedas) para euros (EUR). As flutua\u00e7\u00f5es da taxa de c\u00e2mbio podem afetar seu custo efetivo de investimento.<\/li>\n<!-- \/wp:list-item --><!-- wp:list-item -->\n<li><strong>Subs\u00eddio discricion\u00e1rio \u00fanico (SDA) de R$ 1 milh\u00e3o<\/strong> por adulto por ano civil; <strong>nenhum AIT SARS anterior<\/strong> necess\u00e1rio.\u00a0<\/li>\n<!-- \/wp:list-item --><!-- wp:list-item -->\n<li><strong>Subs\u00eddio de Investimento\/Capital Estrangeiro (FIA\/FCA) de R$ 10 milh\u00f5es<\/strong> por adulto por ano civil <strong>requer<\/strong> <strong>Aprova\u00e7\u00e3o da SARS para Transfer\u00eancia Internacional (AIT)<\/strong> (anteriormente TCS). Os revendedores autorizados (bancos) processam os envios ao SARB FinSurv.\u00a0<\/li>\n<!-- \/wp:list-item --><!-- wp:list-item -->\n<li>Muitos bancos\/provedores de c\u00e2mbio observam que voc\u00ea pode se mover <strong>at\u00e9 R$ 11 milh\u00f5es\/ano<\/strong> combinando SDA + FIA (sujeito \u00e0 conformidade).\u00a0<\/li>\n<!-- \/wp:list-item --><!-- wp:list-item -->\n<li><strong>SARS AIT<\/strong> requer documenta\u00e7\u00e3o de <strong>fonte de fundos<\/strong> (extratos banc\u00e1rios, documentos de confian\u00e7a, etc.).\u00a0<\/li>\n<!-- \/wp:list-item --><\/ul>\n<!-- \/wp:list --><!-- wp:paragraph -->\n<h3><strong>B) Imposto: Portugal vs \u00c1frica do Sul<\/strong><\/h3>\n<!-- \/wp:paragraph --><!-- wp:list -->\n<ul class=\"wp-block-list\"><!-- wp:list-item -->\n<li>O antigo de Portugal <strong>RNH<\/strong> regime encerrado para novos entrantes; <strong>IFICI (RNH \u201c2.0\u201d)<\/strong> \u00e9 o novo incentivo direcionado de 10 anos para atividades qualificadas espec\u00edficas (20% IRS sobre determinadas rendas de fonte PT, condi\u00e7\u00f5es espec\u00edficas).\u00a0<\/li>\n<!-- \/wp:list-item --><!-- wp:list-item -->\n<li>Oficial <strong>Autoridade Tribut\u00e1ria Portuguesa<\/strong> (AT) e portais governamentais fornecem regras\/perguntas frequentes do IFICI e atualiza\u00e7\u00f5es do regime.\u00a0<\/li>\n<!-- \/wp:list-item --><!-- wp:list-item -->\n<li>Resid\u00eancia fiscal na \u00c1frica do Sul e o SA-PT <strong>dupla tributa\u00e7\u00e3o<\/strong> a estrutura pode ser complexa (por exemplo, cessa\u00e7\u00e3o da resid\u00eancia fiscal na \u00c1frica do Sul, cr\u00e9ditos estrangeiros, limites de isen\u00e7\u00e3o de emprego da Se\u00e7\u00e3o 10(1)(o)(ii)). <strong>Sequ\u00eancia pr\u00e1tica que vemos os investidores sul-africanos usarem:<\/strong><br \/>Primeiro, SDA (R$ 1 milh\u00e3o), depois AIT para FIA (R$ 10 milh\u00f5es) por meio do seu banco\/operador de c\u00e2mbio \u2014 em conformidade com a(s) chamada(s) de capital do seu fundo. Guarde todos os documentos que voc\u00ea enviar ao SARS\/SARB para o seu arquivo de origem de fundos da AIMA.\u00a0<\/li>\n<!-- \/wp:list-item --><\/ul>\n<!-- \/wp:list --><!-- wp:paragraph -->\n<ol class=\"wp-block-list\"><!-- \/wp:list-item --><\/ol>\n<!-- \/wp:list -->\t\t\t\t\t\t\t\t<\/div>\n\t\t\t\t\t<\/div>\n\t\t\t\t<\/div>\n\t\t<div class=\"elementor-element elementor-element-9e87d96 e-flex e-con-boxed e-con e-parent\" data-id=\"9e87d96\" data-element_type=\"container\" data-e-type=\"container\">\n\t\t\t\t\t<div class=\"e-con-inner\">\n\t\t\t\t<div class=\"elementor-element elementor-element-019a07d raven-cta--skin-cover raven-cta--valign-middle raven-bg-transform raven-bg-transform-zoom-out elementor-widget elementor-widget-raven-call-to-action\" data-id=\"019a07d\" data-element_type=\"widget\" data-e-type=\"widget\" data-widget_type=\"raven-call-to-action.default\">\n\t\t\t\t<div class=\"elementor-widget-container\">\n\t\t\t\t\t<div  class=\"raven-cta\">\n\t\t\t\t\t<div class=\"raven-cta__bg-wrapper\">\n\t\t\t\t<div class=\"raven-cta__bg raven-bg\" style=\"background-image: url(https:\/\/theblueportugal.com\/wp-content\/uploads\/2025\/08\/portugal-golden-visa-cost-calculator-02.webp);\"><\/div>\n\t\t\t\t<div class=\"raven-cta__bg-overlay\"><\/div>\n\t\t\t<\/div>\n\t\t\t\t\t\t\t\t\t\t<div class=\"raven-cta__content\">\n\t\t\t\t\n\t\t\t\t<h4 class=\"raven-cta__title raven-cta__content-item elementor-content-item\">Obtenha seu relat\u00f3rio personalizado de custos do Golden Visa<\/h4>\n\t\t\t\t\t\t\t\t\t<div class=\"raven-cta__description raven-cta__content-item elementor-content-item\">\n\t\t\t\t\t\tReceba um PDF completo e exclusivo na sua caixa de entrada \u2014 adaptado ao seu perfil, com detalhamento de custos e pr\u00f3ximas etapas.\t\t\t\t\t<\/div>\n\t\t\t\t\n\t\t\t\t\t\t\t\t\t<div class=\"raven-cta__button-wrapper raven-cta__content-item elementor-content-item\">\n\t\t\t\t\t<a class=\"raven-cta__button elementor-button\" href=\"https:\/\/theblueportugal.com\/pt\/calculadora-de-custos-do-visto-dourado-de-portugal\/\">\n\t\t\t\t\t\tObtenha meu PDF personalizado\t\t\t\t\t<\/a>\n\t\t\t\t\t<\/div>\n\t\t\t\t\n\t\t\t\t<div class=\"raven-ribbon raven-ribbon-left\"><div class=\"raven-ribbon-inner\">Exclusivo<\/div><\/div>\t\t\t<\/div>\n\t\t\t\t<\/div>\n\t\t\t\t\t\t<\/div>\n\t\t\t\t<\/div>\n\t\t\t\t\t<\/div>\n\t\t\t\t<\/div>\n\t\t<div class=\"elementor-element elementor-element-f8fb26d e-flex e-con-boxed e-con e-parent\" data-id=\"f8fb26d\" data-element_type=\"container\" data-e-type=\"container\">\n\t\t\t\t\t<div class=\"e-con-inner\">\n\t\t\t\t<div class=\"elementor-element elementor-element-1b2017e elementor-widget elementor-widget-text-editor\" data-id=\"1b2017e\" data-element_type=\"widget\" data-e-type=\"widget\" data-widget_type=\"text-editor.default\">\n\t\t\t\t\t\t\t\t\t<!-- wp:paragraph -->\n<h2><strong>6) Due diligence e controles de risco<\/strong><\/h2>\n<!-- \/wp:paragraph --><!-- wp:list -->\n<ul class=\"wp-block-list\"><!-- wp:list-item -->\n<li><strong>Rota do fundo<\/strong>: verificar se o fundo \u00e9 <strong>Supervisionado pela CMVM<\/strong>, estruturado para atender <strong>ARI<\/strong> lei <strong>p\u00f3s-outubro de 2023<\/strong> (sem exposi\u00e7\u00e3o imobili\u00e1ria indireta para elegibilidade) e tem uma estrat\u00e9gia de sa\u00edda clara alinhada com seu horizonte de 5 a 7 anos.\u00a0<\/li>\n<!-- \/wp:list-item --><!-- wp:list-item -->\n<li><strong>Rotas culturais\/P&amp;D<\/strong>: confirmar a acredita\u00e7\u00e3o do projeto e obter <strong>GEPAC<\/strong> (cultura) ou confirma\u00e7\u00f5es de entidade de pesquisa necess\u00e1rias para seu arquivo AIMA.\u00a0<\/li>\n<!-- \/wp:list-item --><!-- wp:list-item -->\n<li><strong>Vigil\u00e2ncia pol\u00edtica (2025)<\/strong>: as reformas de nacionalidade e imigra\u00e7\u00e3o foram <strong>anunciado\/proposto<\/strong>, com algumas restri\u00e7\u00f5es \u00e0 imigra\u00e7\u00e3o j\u00e1 sinalizadas pelo Tribunal Constitucional. Acompanhe o status antes de planejar o momento da cidadania.\u00a0<\/li>\n<!-- \/wp:list-item --><\/ul>\n<!-- \/wp:list --><!-- wp:paragraph -->\n<h2><strong>7) Familiares e condi\u00e7\u00f5es de vida<\/strong><\/h2>\n<!-- \/wp:paragraph --><!-- wp:list -->\n<ul class=\"wp-block-list\"><!-- wp:list-item -->\n<li>Dependentes eleg\u00edveis podem acompanh\u00e1-lo pelo ARI.\u00a0<\/li>\n<!-- \/wp:list-item --><!-- wp:list-item -->\n<li>O Visto Gold permite incluir familiares: c\u00f4njuge\/parceiro(a), filhos menores de idade\/status de depend\u00eancia e, em alguns casos, pais dependentes. Para fam\u00edlias sul-africanas, isso pode ser uma grande vantagem (educa\u00e7\u00e3o para os filhos, mobilidade para o c\u00f4njuge, etc.).<strong>\u00a0<\/strong><\/li>\n<!-- \/wp:list-item --><!-- wp:list-item -->\n<li><strong>Custo e qualidade de vida. <\/strong>Para muitos sul-africanos, a mudan\u00e7a para Portugal oferece melhor qualidade de vida, mobilidade europeia, melhor assist\u00eancia m\u00e9dica\/educa\u00e7\u00e3o, etc.\u00a0<\/li>\n<!-- \/wp:list-item --><!-- wp:list-item -->\n<li>Mas esteja ciente de que o custo de vida pode ser mais alto em algumas partes de Portugal do que na \u00c1frica do Sul (especialmente em Lisboa e em locais privilegiados). \u00c9 importante fazer uma compara\u00e7\u00e3o de custos realista.<\/li>\n<!-- \/wp:list-item --><\/ul>\n<!-- \/wp:list --><!-- wp:paragraph -->\n<h2><strong>8) Lista de verifica\u00e7\u00e3o de a\u00e7\u00f5es (foco dos investidores sul-africanos)<\/strong><\/h2>\n<!-- \/wp:paragraph --><!-- wp:list {\"ordered\":true} -->\n<ol class=\"wp-block-list\"><!-- wp:list-item -->\n<li><strong>Escolha sua rota<\/strong> (a maioria escolhe <strong>Fundo de \u20ac 500 mil<\/strong>). Selecione 2 a 3 fundos da CMVM e analise os PPMs\/elegibilidade.\u00a0<\/li>\n<!-- \/wp:list-item --><!-- wp:list-item -->\n<li><strong>Prepara\u00e7\u00e3o de impostos\/c\u00e2mbio<\/strong>: fale com um consultor fiscal especializado em SARS\/SARB; fa\u00e7a fila <strong>SDA\/FIA<\/strong> e <strong>SARS AIT<\/strong>.\u00a0<\/li>\n<!-- \/wp:list-item --><!-- wp:list-item -->\n<li><strong>Integra\u00e7\u00e3o de PT<\/strong>: pegar <strong>NIF<\/strong>, abrir <strong>conta banc\u00e1ria<\/strong>, KYC\/AML completo.\u00a0<\/li>\n<!-- \/wp:list-item --><!-- wp:list-item -->\n<li><strong>Investir + coletar provas<\/strong> (acordos de subscri\u00e7\u00e3o, SWIFTs banc\u00e1rios; para cultura: <strong>Declara\u00e7\u00e3o GEPAC<\/strong>).\u00a0<\/li>\n<!-- \/wp:list-item --><!-- wp:list-item -->\n<li><strong>Arquivo ARI<\/strong> via AIMA, ent\u00e3o <strong>biometria<\/strong> quando agendado.\u00a0<\/li>\n<!-- \/wp:list-item --><!-- wp:list-item -->\n<li><strong>Manter presen\u00e7a<\/strong> (estadias anuais curtas) e renovar no prazo; manter os documentos atualizados.\u00a0<\/li>\n<!-- \/wp:list-item --><!-- wp:list-item -->\n<li><strong>Planejamento de cidadania<\/strong>: monitorar as reformas de 2025 antes de assumir um caminho de 5 anos; ter em mente a comprova\u00e7\u00e3o de idioma\/integra\u00e7\u00e3o.\u00a0<\/li>\n<!-- \/wp:list-item --><\/ol>\n<!-- \/wp:list -->\t\t\t\t\t\t\t\t<\/div>\n\t\t\t\t\t<\/div>\n\t\t\t\t<\/div>\n\t\t\t\t<\/div>","protected":false},"excerpt":{"rendered":"<p>Portugal Residence by Investment Program for South African Investors Jo\u00e3o Villa-Lobos | Last updated on Oct 28, 2025 Talk to a Portugal Golden Visa Advisor Historical and Cultural Ties Between Portugal and South Africa The historic ties between South Africa and Portugal are centuries old and deeply interconnected through exploration, migration, trade, and colonial history. [&hellip;]<\/p>\n","protected":false},"author":6,"featured_media":0,"parent":1282,"menu_order":0,"comment_status":"closed","ping_status":"closed","template":"elementor_header_footer","meta":{"_acf_changed":false,"footnotes":""},"class_list":["post-6385","page","type-page","status-publish","hentry"],"acf":[],"_links":{"self":[{"href":"https:\/\/theblueportugal.com\/pt\/wp-json\/wp\/v2\/pages\/6385","targetHints":{"allow":["GET"]}}],"collection":[{"href":"https:\/\/theblueportugal.com\/pt\/wp-json\/wp\/v2\/pages"}],"about":[{"href":"https:\/\/theblueportugal.com\/pt\/wp-json\/wp\/v2\/types\/page"}],"author":[{"embeddable":true,"href":"https:\/\/theblueportugal.com\/pt\/wp-json\/wp\/v2\/users\/6"}],"replies":[{"embeddable":true,"href":"https:\/\/theblueportugal.com\/pt\/wp-json\/wp\/v2\/comments?post=6385"}],"version-history":[{"count":0,"href":"https:\/\/theblueportugal.com\/pt\/wp-json\/wp\/v2\/pages\/6385\/revisions"}],"up":[{"embeddable":true,"href":"https:\/\/theblueportugal.com\/pt\/wp-json\/wp\/v2\/pages\/1282"}],"wp:attachment":[{"href":"https:\/\/theblueportugal.com\/pt\/wp-json\/wp\/v2\/media?parent=6385"}],"curies":[{"name":"wp","href":"https:\/\/api.w.org\/{rel}","templated":true}]}}