{"id":1314,"date":"2025-01-29T08:18:53","date_gmt":"2025-01-29T08:18:53","guid":{"rendered":"https:\/\/theblueportugal.com\/?page_id=1314"},"modified":"2025-07-24T18:59:34","modified_gmt":"2025-07-24T18:59:34","slug":"programme-resident-fiscal","status":"publish","type":"page","link":"https:\/\/theblueportugal.com\/fr\/bon-a-savoir\/pourquoi-le-portugal\/programme-resident-fiscal\/","title":{"rendered":"Programme des r\u00e9sidents fiscaux"},"content":{"rendered":"<div data-elementor-type=\"wp-page\" data-elementor-id=\"1314\" class=\"elementor elementor-1314\">\n\t\t\t\t\t\t<section class=\"elementor-section elementor-top-section elementor-element elementor-element-58eda1d elementor-section-boxed elementor-section-height-default elementor-section-height-default\" data-id=\"58eda1d\" data-element_type=\"section\" data-e-type=\"section\" data-settings=\"{&quot;background_background&quot;:&quot;classic&quot;}\">\n\t\t\t\t\t\t\t<div class=\"elementor-background-overlay\"><\/div>\n\t\t\t\t\t\t\t<div class=\"elementor-container elementor-column-gap-no\">\n\t\t\t\t\t<div class=\"elementor-column elementor-col-100 elementor-top-column elementor-element elementor-element-eb1c189\" data-id=\"eb1c189\" data-element_type=\"column\" data-e-type=\"column\">\n\t\t\t<div class=\"elementor-widget-wrap elementor-element-populated\">\n\t\t\t\t\t\t<div class=\"elementor-element elementor-element-a3089e2 elementor-widget__width-initial elementor-widget elementor-widget-heading\" data-id=\"a3089e2\" data-element_type=\"widget\" data-e-type=\"widget\" data-widget_type=\"heading.default\">\n\t\t\t\t\t<h1 class=\"elementor-heading-title elementor-size-default\">Programme des r\u00e9sidents fiscaux<\/h1>\t\t\t\t<\/div>\n\t\t\t\t<div class=\"elementor-element elementor-element-d3c2653 elementor-widget elementor-widget-heading\" data-id=\"d3c2653\" data-element_type=\"widget\" data-e-type=\"widget\" data-widget_type=\"heading.default\">\n\t\t\t\t\t<h6 class=\"elementor-heading-title elementor-size-default\">Le nouveau r\u00e9gime fiscal IFICI+ du Portugal refl\u00e8te l&#039;approche avant-gardiste du pays pour attirer les talents et les investissements mondiaux<\/h6>\t\t\t\t<\/div>\n\t\t\t\t<div class=\"jet-popup-target elementor-element elementor-element-fc3ca71 elementor-widget elementor-widget-raven-button\" data-jet-popup=\"{&quot;attached-popup&quot;:&quot;jet-popup-164&quot;,&quot;trigger-type&quot;:&quot;click-self&quot;,&quot;trigger-custom-selector&quot;:&quot;&quot;}\" data-id=\"fc3ca71\" data-element_type=\"widget\" data-e-type=\"widget\" data-settings=\"{&quot;turn_to_popup_action_button&quot;:&quot;no&quot;}\" data-widget_type=\"raven-button.default\">\n\t\t\t\t<div class=\"elementor-widget-container\">\n\t\t\t\t\t\t\t<div class=\"raven-widget-wrapper\">\n\t\t\t<a class=\"raven-button raven-button-widget-normal-effect-none  raven-button-text-align-center raven-button-link elementor-animation-none\" href=\"https:\/\/theblueportugal.com\/fr\/contact\/\">\t\t\t\t<div class=\"raven-button-overlay\" ><\/div>\n\t\t\t\t<span class=\"raven-button-content\">\n\t\t\t\t\t\n\t\t\t\t\t<div class=\"button-text-container\">\n\t\t\t\t\t\t\t\t\t\t\t\t<div class=\"raven-button-texts-wrapper\">\n\t\t\t\t\t\t\t<div class=\"button-text\">\n\t\t\t\t\t\t\t\t<span class=\"raven-button-text\">\n\t\t\t\t\t\t\t\t\tEntrer en contact\t\t\t\t\t\t\t\t<\/span>\n\t\t\t\t\t\t\t<\/div>\n\t\t\t\t\t\t\t\t\t\t\t\t\t<\/div>\n\t\t\t\t\t\t\t\t\t\t\t<\/div>\n\t\t\t\t\t\n\t\t\t\t\t\t\t\t\t<\/span>\n\t\t\t<\/a>\t\t<\/div>\n\t\t\t\t\t\t<\/div>\n\t\t\t\t<\/div>\n\t\t\t\t\t<\/div>\n\t\t<\/div>\n\t\t\t\t\t<\/div>\n\t\t<\/section>\n\t\t\t\t<section class=\"elementor-section elementor-top-section elementor-element elementor-element-e5c5781 elementor-section-boxed elementor-section-height-default elementor-section-height-default\" data-id=\"e5c5781\" data-element_type=\"section\" data-e-type=\"section\">\n\t\t\t\t\t\t<div class=\"elementor-container elementor-column-gap-no\">\n\t\t\t\t\t<div class=\"elementor-column elementor-col-100 elementor-top-column elementor-element elementor-element-d325561\" data-id=\"d325561\" data-element_type=\"column\" data-e-type=\"column\">\n\t\t\t<div class=\"elementor-widget-wrap elementor-element-populated\">\n\t\t\t\t\t\t<div class=\"elementor-element elementor-element-cb91ccc elementor-widget elementor-widget-heading\" data-id=\"cb91ccc\" data-element_type=\"widget\" data-e-type=\"widget\" data-widget_type=\"heading.default\">\n\t\t\t\t\t<h2 class=\"elementor-heading-title elementor-size-default\">R\u00e9gime fiscal IFICI+ : la solution sur mesure du Portugal pour les talents internationaux\n<\/h2>\t\t\t\t<\/div>\n\t\t\t\t\t<\/div>\n\t\t<\/div>\n\t\t\t\t\t<\/div>\n\t\t<\/section>\n\t\t\t\t<section class=\"elementor-section elementor-top-section elementor-element elementor-element-7f41215 elementor-section-full_width elementor-reverse-mobile elementor-section-height-default elementor-section-height-default\" data-id=\"7f41215\" data-element_type=\"section\" data-e-type=\"section\">\n\t\t\t\t\t\t<div class=\"elementor-container elementor-column-gap-no\">\n\t\t\t\t\t<div class=\"elementor-column elementor-col-50 elementor-top-column elementor-element elementor-element-aa150b0\" data-id=\"aa150b0\" data-element_type=\"column\" data-e-type=\"column\">\n\t\t\t<div class=\"elementor-widget-wrap elementor-element-populated\">\n\t\t\t\t\t\t<div class=\"elementor-element elementor-element-7020df6 elementor-widget elementor-widget-text-editor\" data-id=\"7020df6\" data-element_type=\"widget\" data-e-type=\"widget\" data-widget_type=\"text-editor.default\">\n\t\t\t\t\t\t\t\t\t<p><span style=\"font-weight: 400;\">Le nouveau Portugal <\/span><b>R\u00e9gime fiscal IFICI+<\/b><span style=\"font-weight: 400;\"> Ce r\u00e9gime refl\u00e8te l&#039;approche avant-gardiste du pays pour attirer les talents et les investissements internationaux. Introduit dans le cadre des r\u00e9formes fiscales de 2025, ce r\u00e9gime offre une opportunit\u00e9 unique aux professionnels qualifi\u00e9s et aux entrepreneurs de b\u00e9n\u00e9ficier d&#039;un environnement fiscal comp\u00e9titif tout en contribuant \u00e0 l&#039;\u00e9conomie florissante du Portugal.<\/span><\/p><p><span style=\"font-weight: 400;\">Con\u00e7u pour les personnes s&#039;installant au Portugal apr\u00e8s une absence de cinq ans, le r\u00e9gime IFICI+ se distingue en offrant des avantages fiscaux g\u00e9n\u00e9reux qui s&#039;alignent sur l&#039;objectif du gouvernement de favoriser l&#039;innovation, la recherche et la croissance \u00e9conomique.<\/span><\/p>\t\t\t\t\t\t\t\t<\/div>\n\t\t\t\t\t<\/div>\n\t\t<\/div>\n\t\t\t\t<div class=\"elementor-column elementor-col-50 elementor-top-column elementor-element elementor-element-011a083\" data-id=\"011a083\" data-element_type=\"column\" data-e-type=\"column\">\n\t\t\t<div class=\"elementor-widget-wrap elementor-element-populated\">\n\t\t\t\t\t\t<div class=\"elementor-element elementor-element-61cef22 elementor-widget elementor-widget-raven-image\" data-id=\"61cef22\" data-element_type=\"widget\" data-e-type=\"widget\" data-widget_type=\"raven-image.default\">\n\t\t\t\t<div class=\"elementor-widget-container\">\n\t\t\t\t\t\t\t<div class=\"raven-image\">\n\t\t\n\t\t\n\t\t<img fetchpriority=\"high\" decoding=\"async\" width=\"893\" height=\"593\" src=\"https:\/\/theblueportugal.com\/wp-content\/uploads\/2023\/06\/tax-resident-program-free-portugal.-2023jpg-1.jpg\" class=\"attachment-full size-full wp-image-1993\" alt=\"\" srcset=\"\/\/theblueportugal.com\/wp-content\/uploads\/2023\/06\/tax-resident-program-free-portugal.-2023jpg-1.jpg 893w, \/\/theblueportugal.com\/wp-content\/uploads\/2023\/06\/tax-resident-program-free-portugal.-2023jpg-1-300x199.jpg 300w, \/\/theblueportugal.com\/wp-content\/uploads\/2023\/06\/tax-resident-program-free-portugal.-2023jpg-1-768x510.jpg 768w, \/\/theblueportugal.com\/wp-content\/uploads\/2023\/06\/tax-resident-program-free-portugal.-2023jpg-1-18x12.jpg 18w\" sizes=\"(max-width: 893px) 100vw, 893px\" \/>\t\t<\/div>\n\t\t\t\t\t\t<\/div>\n\t\t\t\t<\/div>\n\t\t\t\t\t<\/div>\n\t\t<\/div>\n\t\t\t\t\t<\/div>\n\t\t<\/section>\n\t\t\t\t<section class=\"elementor-section elementor-top-section elementor-element elementor-element-2579765 elementor-section-full_width elementor-reverse-tablet elementor-section-height-default elementor-section-height-default\" data-id=\"2579765\" data-element_type=\"section\" data-e-type=\"section\">\n\t\t\t\t\t\t<div class=\"elementor-container elementor-column-gap-no\">\n\t\t\t\t\t<div class=\"elementor-column elementor-col-50 elementor-top-column elementor-element elementor-element-93e009e\" data-id=\"93e009e\" data-element_type=\"column\" data-e-type=\"column\" data-settings=\"{&quot;background_background&quot;:&quot;classic&quot;}\">\n\t\t\t<div class=\"elementor-widget-wrap elementor-element-populated\">\n\t\t\t\t\t\t<div class=\"elementor-element elementor-element-5b3069d elementor-widget elementor-widget-raven-image\" data-id=\"5b3069d\" data-element_type=\"widget\" data-e-type=\"widget\" data-widget_type=\"raven-image.default\">\n\t\t\t\t<div class=\"elementor-widget-container\">\n\t\t\t\t\t\t\t<div class=\"raven-image\">\n\t\t\n\t\t\n\t\t<img decoding=\"async\" width=\"998\" height=\"661\" src=\"https:\/\/theblueportugal.com\/wp-content\/uploads\/2023\/06\/tax-resident-program-free-portugal.jpg\" class=\"attachment-full size-full wp-image-1985\" alt=\"\" srcset=\"\/\/theblueportugal.com\/wp-content\/uploads\/2023\/06\/tax-resident-program-free-portugal.jpg 998w, \/\/theblueportugal.com\/wp-content\/uploads\/2023\/06\/tax-resident-program-free-portugal-300x199.jpg 300w, \/\/theblueportugal.com\/wp-content\/uploads\/2023\/06\/tax-resident-program-free-portugal-768x509.jpg 768w, \/\/theblueportugal.com\/wp-content\/uploads\/2023\/06\/tax-resident-program-free-portugal-18x12.jpg 18w\" sizes=\"(max-width: 998px) 100vw, 998px\" \/>\t\t<\/div>\n\t\t\t\t\t\t<\/div>\n\t\t\t\t<\/div>\n\t\t\t\t\t<\/div>\n\t\t<\/div>\n\t\t\t\t<div class=\"elementor-column elementor-col-50 elementor-top-column elementor-element elementor-element-27194fd\" data-id=\"27194fd\" data-element_type=\"column\" data-e-type=\"column\" data-settings=\"{&quot;background_background&quot;:&quot;classic&quot;}\">\n\t\t\t<div class=\"elementor-widget-wrap elementor-element-populated\">\n\t\t\t\t\t\t<div class=\"elementor-element elementor-element-dea890f elementor-widget elementor-widget-heading\" data-id=\"dea890f\" data-element_type=\"widget\" data-e-type=\"widget\" data-widget_type=\"heading.default\">\n\t\t\t\t\t<h2 class=\"elementor-heading-title elementor-size-default\">\u00c0 qui s&#039;adresse le r\u00e9gime IFICI+ ?\n<\/h2>\t\t\t\t<\/div>\n\t\t\t\t<div class=\"elementor-element elementor-element-f77b711 elementor-widget elementor-widget-text-editor\" data-id=\"f77b711\" data-element_type=\"widget\" data-e-type=\"widget\" data-widget_type=\"text-editor.default\">\n\t\t\t\t\t\t\t\t\t<p><span style=\"font-weight: 400;\">Le r\u00e9gime fiscal IFICI+ est con\u00e7u pour les professionnels exer\u00e7ant des activit\u00e9s et des secteurs \u00e0 forte valeur ajout\u00e9e, notamment l&#039;enseignement sup\u00e9rieur, la recherche scientifique, les technologies de pointe et les entreprises tourn\u00e9es vers l&#039;exportation. Les participants \u00e9ligibles doivent r\u00e9pondre \u00e0 des crit\u00e8res sp\u00e9cifiques, notamment le maintien de la r\u00e9sidence fiscale au Portugal et la g\u00e9n\u00e9ration de revenus provenant d&#039;activit\u00e9s reconnues comme ayant un impact \u00e9conomique par le gouvernement.<\/span><\/p><p><span style=\"font-weight: 400;\">Les professions et fonctions couvertes par ce r\u00e9gime vont des postes de direction dans des centres d\u2019investissement ou de technologie aux sp\u00e9cialistes de la R&amp;D et aux dirigeants de startups. Cette approche cibl\u00e9e permet au Portugal d\u2019attirer des talents dans des secteurs essentiels \u00e0 son d\u00e9veloppement.<\/span><\/p>\t\t\t\t\t\t\t\t<\/div>\n\t\t\t\t\t<\/div>\n\t\t<\/div>\n\t\t\t\t\t<\/div>\n\t\t<\/section>\n\t\t<div class=\"elementor-element elementor-element-018ebc9 e-flex e-con-boxed e-con e-parent\" data-id=\"018ebc9\" data-element_type=\"container\" data-e-type=\"container\">\n\t\t\t\t\t<div class=\"e-con-inner\">\n\t\t\t\t<div class=\"elementor-element elementor-element-2baff6f elementor-widget elementor-widget-heading\" data-id=\"2baff6f\" data-element_type=\"widget\" data-e-type=\"widget\" data-widget_type=\"heading.default\">\n\t\t\t\t\t<h2 class=\"elementor-heading-title elementor-size-default\">Actuellement, les huit activit\u00e9s suivantes sont \u00e9ligibles \u00e0 l\u2019IFICI+ :<\/h2>\t\t\t\t<\/div>\n\t\t\t\t<div class=\"elementor-element elementor-element-5ed04d3 elementor-widget elementor-widget-text-editor\" data-id=\"5ed04d3\" data-element_type=\"widget\" data-e-type=\"widget\" data-widget_type=\"text-editor.default\">\n\t\t\t\t\t\t\t\t\t<ul><li>Directeur g\u00e9n\u00e9ral ou directeur ex\u00e9cutif.<\/li><li>Responsable Administratif ou Commercial.<\/li><li>Responsable de production ou de services sp\u00e9cialis\u00e9s.<\/li><li>Sp\u00e9cialistes en physique, math\u00e9matiques et ing\u00e9nierie.<\/li><li>Concepteur de produits ou d&#039;\u00e9quipements industriels.<\/li><li>M\u00e9decin.<\/li><li>Professeurs d&#039;universit\u00e9.<\/li><li>Sp\u00e9cialistes en technologies de l&#039;information et de la communication<\/li><\/ul>\t\t\t\t\t\t\t\t<\/div>\n\t\t\t\t<div class=\"elementor-element elementor-element-d5b2523 elementor-widget elementor-widget-heading\" data-id=\"d5b2523\" data-element_type=\"widget\" data-e-type=\"widget\" data-widget_type=\"heading.default\">\n\t\t\t\t\t<h2 class=\"elementor-heading-title elementor-size-default\">Principaux avantages du r\u00e9gime fiscal IFICI+\n<\/h2>\t\t\t\t<\/div>\n\t\t\t\t<div class=\"elementor-element elementor-element-2a6fac8 elementor-widget elementor-widget-text-editor\" data-id=\"2a6fac8\" data-element_type=\"widget\" data-e-type=\"widget\" data-widget_type=\"text-editor.default\">\n\t\t\t\t\t\t\t\t\t<p>Le r\u00e9gime IFICI+ offre des avantages int\u00e9ressants aux personnes admissibles, notamment :<\/p><ul><li aria-level=\"1\">UN\u00a0<b>taux d&#039;imposition forfaitaire 20%<\/b>\u00a0sur les revenus d\u2019emploi ou de travail ind\u00e9pendant provenant d\u2019activit\u00e9s admissibles.<\/li><li aria-level=\"1\"><b>Exemptions sur les revenus de source \u00e9trang\u00e8re<\/b>, couvrant les dividendes, les revenus locatifs et les gains en capital.<\/li><li aria-level=\"1\">UN\u00a0<b>P\u00e9riode de prestations de 10 ans<\/b>, offrant stabilit\u00e9 financi\u00e8re et pr\u00e9visibilit\u00e9 aux r\u00e9sidents de longue dur\u00e9e.<\/li><\/ul><p>En simplifiant les obligations fiscales et en encourageant l\u2019investissement, le r\u00e9gime IFICI+ positionne le Portugal comme un leader pour attirer les professionnels internationaux \u00e0 la recherche d\u2019un environnement fiscal favorable.<\/p><p><b>Pourquoi le Portugal ? Pourquoi maintenant ?<\/b><\/p><p>La r\u00e9putation du Portugal en tant que destination de choix pour les talents internationaux est renforc\u00e9e par cette politique fiscale innovante. Associ\u00e9 \u00e0 la qualit\u00e9 de vie \u00e9lev\u00e9e, \u00e0 la s\u00e9curit\u00e9 et \u00e0 la robustesse des infrastructures du pays, le r\u00e9gime fiscal IFICI+ fait de la relocalisation au Portugal une proposition attrayante pour les personnes en qu\u00eate de d\u00e9veloppement professionnel et personnel.<\/p>\t\t\t\t\t\t\t\t<\/div>\n\t\t\t\t\t<\/div>\n\t\t\t\t<\/div>\n\t\t\t\t<section class=\"elementor-section elementor-top-section elementor-element elementor-element-ca1a341 elementor-section-full_width elementor-section-height-default elementor-section-height-default\" data-id=\"ca1a341\" data-element_type=\"section\" data-e-type=\"section\">\n\t\t\t\t\t\t<div class=\"elementor-container elementor-column-gap-no\">\n\t\t\t\t\t<div class=\"elementor-column elementor-col-100 elementor-top-column elementor-element elementor-element-7647fc3\" data-id=\"7647fc3\" data-element_type=\"column\" data-e-type=\"column\">\n\t\t\t<div class=\"elementor-widget-wrap elementor-element-populated\">\n\t\t\t\t\t\t<div class=\"elementor-element elementor-element-0a53b56 raven-cta--skin-cover raven-cta--valign-middle elementor-animated-content raven-bg-transform raven-bg-transform-zoom-in elementor-widget elementor-widget-raven-call-to-action\" data-id=\"0a53b56\" data-element_type=\"widget\" data-e-type=\"widget\" data-widget_type=\"raven-call-to-action.default\">\n\t\t\t\t<div class=\"elementor-widget-container\">\n\t\t\t\t\t<div  class=\"raven-cta\">\n\t\t\t\t\t<div class=\"raven-cta__bg-wrapper\">\n\t\t\t\t<div class=\"raven-cta__bg raven-bg\" style=\"background-image: url(https:\/\/theblueportugal.com\/wp-content\/uploads\/2023\/06\/the-blue-portugal-portugal-residence-investiment-real-estate.jpg);\"><\/div>\n\t\t\t\t<div class=\"raven-cta__bg-overlay\"><\/div>\n\t\t\t<\/div>\n\t\t\t\t\t\t\t\t\t\t<div class=\"raven-cta__content\">\n\t\t\t\t\n\t\t\t\t<h2 class=\"raven-cta__title raven-cta__content-item elementor-content-item elementor-animated-item--grow\">Laissez-nous vous aider \u00e0 franchir la prochaine \u00e9tape vers un avenir professionnel florissant au Portugal<\/h2>\n\t\t\t\t\n\t\t\t\t\t\t\t\t\t<div class=\"raven-cta__button-wrapper raven-cta__content-item elementor-content-item elementor-animated-item--grow\">\n\t\t\t\t\t<a class=\"raven-cta__button elementor-button\" href=\"https:\/\/theblueportugal.com\/fr\/contact\/\">\n\t\t\t\t\t\tCONTACTEZ-NOUS AUJOURD&#039;HUI\t\t\t\t\t<\/a>\n\t\t\t\t\t<\/div>\n\t\t\t\t\n\t\t\t\t\t\t\t<\/div>\n\t\t\t\t<\/div>\n\t\t\t\t\t\t<\/div>\n\t\t\t\t<\/div>\n\t\t\t\t\t<\/div>\n\t\t<\/div>\n\t\t\t\t\t<\/div>\n\t\t<\/section>\n\t\t\t\t<\/div>","protected":false},"excerpt":{"rendered":"<p>Portugal\u2019s new IFICI+ Tax Regime reflects the country\u2019s forward-thinking approach to attracting global talent and investment Get in touch IFICI+ Tax Regime: Portugal\u2019s Tailored Solution for Global Talent Portugal\u2019s new IFICI+ Tax Regime reflects the country\u2019s forward-thinking approach to attracting global talent and investment. Introduced as part of the 2025 fiscal reforms, this regime offers [&hellip;]<\/p>\n","protected":false},"author":1,"featured_media":0,"parent":1310,"menu_order":0,"comment_status":"closed","ping_status":"closed","template":"full-width.php","meta":{"_acf_changed":false,"footnotes":""},"class_list":["post-1314","page","type-page","status-publish","hentry"],"acf":[],"_links":{"self":[{"href":"https:\/\/theblueportugal.com\/fr\/wp-json\/wp\/v2\/pages\/1314","targetHints":{"allow":["GET"]}}],"collection":[{"href":"https:\/\/theblueportugal.com\/fr\/wp-json\/wp\/v2\/pages"}],"about":[{"href":"https:\/\/theblueportugal.com\/fr\/wp-json\/wp\/v2\/types\/page"}],"author":[{"embeddable":true,"href":"https:\/\/theblueportugal.com\/fr\/wp-json\/wp\/v2\/users\/1"}],"replies":[{"embeddable":true,"href":"https:\/\/theblueportugal.com\/fr\/wp-json\/wp\/v2\/comments?post=1314"}],"version-history":[{"count":0,"href":"https:\/\/theblueportugal.com\/fr\/wp-json\/wp\/v2\/pages\/1314\/revisions"}],"up":[{"embeddable":true,"href":"https:\/\/theblueportugal.com\/fr\/wp-json\/wp\/v2\/pages\/1310"}],"wp:attachment":[{"href":"https:\/\/theblueportugal.com\/fr\/wp-json\/wp\/v2\/media?parent=1314"}],"curies":[{"name":"wp","href":"https:\/\/api.w.org\/{rel}","templated":true}]}}